{"id":1077,"date":"2011-01-22T12:17:06","date_gmt":"2011-01-22T12:17:06","guid":{"rendered":"http:\/\/www.adavaveiro.org\/?page_id=1077"},"modified":"2011-12-31T15:15:15","modified_gmt":"2011-12-31T15:15:15","slug":"a-vida-em-primeiro-lugar","status":"publish","type":"page","link":"https:\/\/www.adavaveiro.org\/?page_id=1077","title":{"rendered":"uma ideia de vida"},"content":{"rendered":"<p>Em janeiro 2011, no Di\u00e1rio de Aveiro, deu-se in\u00edcio \u00e0 publica\u00e7\u00e3o de um artigo semanal.<br \/>\nAqui fica o primeiro:<\/p>\n<p><strong>ADAV \u2013 A Vida em Primeiro lugar<\/strong><\/p>\n<p><strong> <\/strong><\/p>\n<p>Fundada por escritura p\u00fablica em 21 de Julho de 2000 a ADAV &#8211; Associa\u00e7\u00e3o de Defesa e Apoio da Vida prop\u00f4s-se \u201capoiar a fam\u00edlia, assim como a defesa e a promo\u00e7\u00e3o da vida humana e da dignidade da mulher\u201d (cf. art. 3\u00ba dos Estatutos).<\/p>\n<p>Para atingir os seus objectivos as suas Actividades ser\u00e3o, segundo o art. 4\u00ba dos Estatutos:<\/p>\n<p>a)\u00a0\u00a0\u00a0 Levar a cabo a abertura de centros de atendimento, encaminhamento e resid\u00eancia transit\u00f3ria destinados a mulheres gr\u00e1vidas em dificuldade, com interven\u00e7\u00e3o subsidi\u00e1ria nos dom\u00ednios jur\u00eddico, cl\u00ednico e das \u00e1reas do emprego e forma\u00e7\u00e3o;<\/p>\n<p>b)\u00a0\u00a0\u00a0 Realizar ou apoiar ac\u00e7\u00f5es no \u00e2mbito da educa\u00e7\u00e3o sexual e do planeamento familiar, assim como da forma\u00e7\u00e3o de formadores nesta \u00e1rea e, ainda, promover estudos interdisciplinares dirigidos \u00e0 an\u00e1lise e \u00e0 procura das solu\u00e7\u00f5es adequadas;<\/p>\n<p>c)\u00a0\u00a0\u00a0 Para a defesa e promo\u00e7\u00e3o da vida humana, a Associa\u00e7\u00e3o prop\u00f5e-se realizar ac\u00e7\u00f5es de apoio e promo\u00e7\u00e3o da qualidade de vida a idosos e doentes em fase terminal.<\/p>\n<p>Permitam-me destacar aqui a figura incontorn\u00e1vel do saudoso Dr. Rog\u00e9rio Leit\u00e3o, primeiro Presidente da Direc\u00e7\u00e3o da ADAV, que com a sua din\u00e2mica e conhecimentos foi pedra fundamental no iniciar da actividade da ADAV e seu posterior desenvolvimento. N\u00e3o esque\u00e7o obviamente todos os que t\u00eam passado pela sua Direc\u00e7\u00e3o e demais \u00d3rg\u00e3os Sociais, pois a eles se deve muito do que j\u00e1 se conseguiu.<\/p>\n<p>Como estabelecido nos Estatutos, as actividades da ADAV t\u00eam-se centrado no apoio \u00e0s gr\u00e1vidas, com aconselhamento m\u00e9dico e jur\u00eddico, fornecimento de alimentos e fraldas e forma\u00e7\u00e3o na \u00e1rea da economia dom\u00e9stica. \u00c9 de agradecer aqui o empenhamento de todos os elementos da equipa de volunt\u00e1rias que se disponibilizam para ajudar pessoas carenciadas, n\u00e3o s\u00f3 economicamente mas tamb\u00e9m necessitando de apoio psicol\u00f3gico t\u00e3o importante para o equil\u00edbrio de uma gravidez sem problemas.<\/p>\n<p>Tem tamb\u00e9m desenvolvido ac\u00e7\u00f5es de forma\u00e7\u00e3o e esclarecimento sobre Educa\u00e7\u00e3o Sexual junto de varias escolas do Distrito de Aveiro, correspondendo \u00e0s solicita\u00e7\u00f5es que lhe chegam.<\/p>\n<p>Igualmente n\u00e3o pode ser esquecida a ac\u00e7\u00e3o de voluntariado durante as campanhas para os referendos sobre Interrup\u00e7\u00e3o Volunt\u00e1ria da Gravidez, promovendo o esclarecimento das popula\u00e7\u00f5es e pugnando pelo direito \u00e0 Vida na fase mais precoce do seu desenvolvimento.<\/p>\n<p>Desde 2007, a Associa\u00e7\u00e3o funciona em instala\u00e7\u00f5es cedidas pela C\u00e2mara Municipal de Aveiro no Mercado de Santiago, onde funciona um Servi\u00e7o de Acolhimento de segunda a sexta-feira, de manh\u00e3, prestando servi\u00e7o no atendimento, tratamento de roupas e no apoio domicili\u00e1rio.<\/p>\n<p>Mant\u00e9m-se uma colabora\u00e7\u00e3o muito importante com o Banco Alimentar contra a Fome, consistindo na recolha e armazenamento de alimentos e na sua distribui\u00e7\u00e3o pelas fam\u00edlias e pessoas apoiadas pela ADAV.<\/p>\n<p>Mant\u00e9m, ainda, um servi\u00e7o gratuito de Aulas de Prepara\u00e7\u00e3o para o Parto disponibilizado por enfermeiras-parteiras.<\/p>\n<p>Muito mais h\u00e1 a fazer e estas ac\u00e7\u00f5es n\u00e3o esgotam todas as possibilidades. O apoio financeiro \u00e9 escasso, vivendo a Associa\u00e7\u00e3o da quotiza\u00e7\u00e3o dos seus s\u00f3cios e da ajuda de alguns benfeitores, mas mais seria necess\u00e1rio para melhorar o atendimento e atender todas as solicita\u00e7\u00f5es que nos chegam.<\/p>\n<p>Jos\u00e9 Borges (Eng.)<br \/>\n(Assembleia Geral da ADAV)<\/p>\n<p><a rel=\"attachment wp-att-1078\" href=\"http:\/\/www.adavaveiro.org\/?attachment_id=1078\"><img loading=\"lazy\" decoding=\"async\" class=\"aligncenter size-thumbnail wp-image-1078\" title=\"artigo DAveiro0001\" src=\"http:\/\/www.adavaveiro.org\/wp-content\/uploads\/2011\/01\/artigo-DAveiro0001-260x102.jpg\" alt=\"\" width=\"260\" height=\"102\" srcset=\"https:\/\/www.adavaveiro.org\/wp-content\/uploads\/2011\/01\/artigo-DAveiro0001-260x102.jpg 260w, https:\/\/www.adavaveiro.org\/wp-content\/uploads\/2011\/01\/artigo-DAveiro0001-300x118.jpg 300w, https:\/\/www.adavaveiro.org\/wp-content\/uploads\/2011\/01\/artigo-DAveiro0001-1024x405.jpg 1024w\" sizes=\"auto, (max-width: 260px) 100vw, 260px\" \/><\/a><\/p>\n","protected":false},"excerpt":{"rendered":"<p>Em janeiro 2011, no Di\u00e1rio de Aveiro, deu-se in\u00edcio \u00e0 publica\u00e7\u00e3o de um artigo semanal. Aqui fica o primeiro: ADAV \u2013 A Vida em Primeiro lugar Fundada por escritura p\u00fablica em 21 de Julho de 2000 a ADAV &#8211; Associa\u00e7\u00e3o &hellip; <a href=\"https:\/\/www.adavaveiro.org\/?page_id=1077\">Continuar a ler <span class=\"meta-nav\">&rarr;<\/span><\/a><\/p>\n","protected":false},"author":1,"featured_media":0,"parent":1081,"menu_order":0,"comment_status":"closed","ping_status":"open","template":"","meta":{"footnotes":""},"class_list":["post-1077","page","type-page","status-publish","hentry"],"_links":{"self":[{"href":"https:\/\/www.adavaveiro.org\/index.php?rest_route=\/wp\/v2\/pages\/1077","targetHints":{"allow":["GET"]}}],"collection":[{"href":"https:\/\/www.adavaveiro.org\/index.php?rest_route=\/wp\/v2\/pages"}],"about":[{"href":"https:\/\/www.adavaveiro.org\/index.php?rest_route=\/wp\/v2\/types\/page"}],"author":[{"embeddable":true,"href":"https:\/\/www.adavaveiro.org\/index.php?rest_route=\/wp\/v2\/users\/1"}],"replies":[{"embeddable":true,"href":"https:\/\/www.adavaveiro.org\/index.php?rest_route=%2Fwp%2Fv2%2Fcomments&post=1077"}],"version-history":[{"count":11,"href":"https:\/\/www.adavaveiro.org\/index.php?rest_route=\/wp\/v2\/pages\/1077\/revisions"}],"predecessor-version":[{"id":2179,"href":"https:\/\/www.adavaveiro.org\/index.php?rest_route=\/wp\/v2\/pages\/1077\/revisions\/2179"}],"up":[{"embeddable":true,"href":"https:\/\/www.adavaveiro.org\/index.php?rest_route=\/wp\/v2\/pages\/1081"}],"wp:attachment":[{"href":"https:\/\/www.adavaveiro.org\/index.php?rest_route=%2Fwp%2Fv2%2Fmedia&parent=1077"}],"curies":[{"name":"wp","href":"https:\/\/api.w.org\/{rel}","templated":true}]}}