{"id":1575,"date":"2011-05-16T16:34:03","date_gmt":"2011-05-16T16:34:03","guid":{"rendered":"http:\/\/www.adavaveiro.org\/?page_id=1575"},"modified":"2017-11-12T10:38:40","modified_gmt":"2017-11-12T10:38:40","slug":"16-de-maio-de-2011","status":"publish","type":"page","link":"https:\/\/www.adavaveiro.org\/?page_id=1575","title":{"rendered":"16 de maio &#8211; rever a lei do aborto"},"content":{"rendered":"<div>\n<div>\n<blockquote>\n<h2>M\u00e9dicos querem rever as leis do aborto e da PMA                             <a href=\"http:\/\/10.38.1.194\/admin\/editaNoticiaHTM.asp?idNot=1494327&amp;id=10\" target=\"_blank\"> <\/a><\/h2>\n<p>16.05.2011 &#8211; 10:30                             Por Alexandra Campos<\/p>\n<p>Est\u00e1 na hora de rever as leis da  interrup\u00e7\u00e3o volunt\u00e1ria da gravidez (IVG) e da procria\u00e7\u00e3o medicamente  assistida (PMA) &#8220;no sentido de as aperfei\u00e7oar e melhorar&#8221;, defende o  presidente do Conselho Nacional de \u00c9tica para as Ci\u00eancias da Vida  (CNECV), Miguel Oliveira da Silva.<\/p><\/blockquote>\n<\/div>\n<div>\n<div style=\"text-align: center;\">Quantas transfer\u00eancias de embri\u00f5es falham? &#8211; uma quest\u00e3o para o debate<strong> (Foto: Nelson Garrido)<\/strong><\/div>\n<p style=\"text-align: center;\"><img decoding=\"async\" title=\"Quantas transfer\u00eancias de embri\u00f5es falham? - uma quest\u00e3o para o debate\" src=\"http:\/\/imagens.publico.pt\/imagens.aspx\/340432?tp=UH&amp;db=IMAGENS&amp;w=350&amp;t=1305566982,16804\" alt=\"Quantas transfer\u00eancias de embri\u00f5es falham? - uma quest\u00e3o para o debate\" \/><\/p>\n<\/div>\n<\/div>\n<p>Devem as mulheres que interrompem a gravidez  passar a pagar taxas moderadoras? At\u00e9 onde deve ir a prioridade e apoio  do SNS na afecta\u00e7\u00e3o de recursos \u00e0 PMA? N\u00e3o faria sentido que tudo fosse  pensado em simult\u00e2neo com uma campanha de esclarecimento sobre as  vantagens da maternidade antes dos 30 anos? Devem as mulheres sozinhas  ou homossexuais ter acesso a consultas de PMA?<\/p>\n<p>S\u00e3o quest\u00f5es  destas, necessariamente pol\u00e9micas, que estar\u00e3o em debate amanh\u00e3 numa  confer\u00eancia organizada pelo CNECV, na Ordem dos M\u00e9dicos, no Porto. Sobre  as taxas moderadoras, Oliveira da Silva &#8220;n\u00e3o acha mal&#8221; que as mulheres  que interrompem a gravidez passem a pag\u00e1-las. &#8220;Tamb\u00e9m pagam quando v\u00e3o a  uma urg\u00eancia&#8221;, lembra.<\/p>\n<p>Este ser\u00e1 o primeiro balan\u00e7o bio\u00e9tico  feito por m\u00e9dicos e investigadores de diversos quadrantes e com  diferentes perspectivas, um debate que pretende ser &#8220;esclarecido e  plural&#8221; sobre as leis da IVG e da PMA &#8211; que t\u00eam j\u00e1 quatro e cinco anos,  respectivamente. &#8220;Nenhuma destas leis \u00e9 um dogma inatac\u00e1vel&#8221;, justifica  Miguel Oliveira da Silva. Em v\u00e1rios pa\u00edses, lembra, as legisla\u00e7\u00f5es  estipulam a revis\u00e3o obrigat\u00f3ria ap\u00f3s um tempo (em Fran\u00e7a, s\u00e3o cinco  anos).<\/p>\n<p>&#8220;Muitas t\u00eam sido e s\u00e3o as vozes que pretendem reflectir&#8221;  sobre estas leis e debat\u00ea-las n\u00e3o significa &#8220;voltar atr\u00e1s&#8221;, argumenta o  ginecologista e professor da Faculdade de Medicina da Universidade de  Lisboa. &#8220;Ningu\u00e9m \u00e9 dono da verdade, e h\u00e1 gente boa em ambos os lados da  barricada.&#8221;<\/p>\n<p>Acentuando que ambas as leis t\u00eam &#8220;custos&#8221;, o  presidente do CNECV pergunta: &#8220;Conhecemo-los na sua totalidade?&#8221;  Questiona, por exemplo: &#8220;Qual o verdadeiro custo da efectividade [da  PMA] se as nossas estat\u00edsticas n\u00e3o nos revelam quantas mulheres e casais  ficaram pelo caminho, quantos ciclos foram medicados, quantas  transfer\u00eancias de embri\u00f5es falharam, quantos abortos espont\u00e2neos e  partos pr\u00e9-termo ocorreram?&#8221;.<\/p>\n<p>Na IVG, sublinhando embora que o  n\u00famero de 20 mil abortos anunciado &#8220;n\u00e3o tem que ser visto como uma  fatalidade&#8221;, diz que h\u00e1 \u00e1reas em que \u00e9 necess\u00e1rio intervir &#8220;mais e  melhor&#8221;, como a preven\u00e7\u00e3o efectiva da repeti\u00e7\u00e3o de abortos, atrav\u00e9s das  consultas de planeamento familiar. J\u00e1 h\u00e1 quem diga que ser\u00e1 uma reuni\u00e3o  do &#8220;n\u00e3o&#8221; por contar com especialistas contra a IVG. Miguel Oliveira da  Silva garante que n\u00e3o. Participam tamb\u00e9m m\u00e9dicos que fazem IVG e os  contributos s\u00e3o abrangentes. Uma especialista da OMS vai falar sobre  doa\u00e7\u00e3o de g\u00e2metas e maternidade de substitui\u00e7\u00e3o e conferencistas  portugueses debater\u00e3o problemas como o do conhecimento dos pais  biol\u00f3gicos e o da criopreserva\u00e7\u00e3o de embri\u00f5es.<\/p>\n<pre>in http:\/\/www.publico.pt\/Sociedade\/medicos-querem-rever-as-leis-do-aborto_1494327<\/pre>\n","protected":false},"excerpt":{"rendered":"<p>M\u00e9dicos querem rever as leis do aborto e da PMA 16.05.2011 &#8211; 10:30 Por Alexandra Campos Est\u00e1 na hora de rever as leis da interrup\u00e7\u00e3o volunt\u00e1ria da gravidez (IVG) e da procria\u00e7\u00e3o medicamente assistida (PMA) &#8220;no sentido de as aperfei\u00e7oar &hellip; <a href=\"https:\/\/www.adavaveiro.org\/?page_id=1575\">Continuar a ler <span class=\"meta-nav\">&rarr;<\/span><\/a><\/p>\n","protected":false},"author":1,"featured_media":0,"parent":1081,"menu_order":0,"comment_status":"closed","ping_status":"closed","template":"","meta":{"footnotes":""},"class_list":["post-1575","page","type-page","status-publish","hentry"],"_links":{"self":[{"href":"https:\/\/www.adavaveiro.org\/index.php?rest_route=\/wp\/v2\/pages\/1575","targetHints":{"allow":["GET"]}}],"collection":[{"href":"https:\/\/www.adavaveiro.org\/index.php?rest_route=\/wp\/v2\/pages"}],"about":[{"href":"https:\/\/www.adavaveiro.org\/index.php?rest_route=\/wp\/v2\/types\/page"}],"author":[{"embeddable":true,"href":"https:\/\/www.adavaveiro.org\/index.php?rest_route=\/wp\/v2\/users\/1"}],"replies":[{"embeddable":true,"href":"https:\/\/www.adavaveiro.org\/index.php?rest_route=%2Fwp%2Fv2%2Fcomments&post=1575"}],"version-history":[{"count":3,"href":"https:\/\/www.adavaveiro.org\/index.php?rest_route=\/wp\/v2\/pages\/1575\/revisions"}],"predecessor-version":[{"id":3432,"href":"https:\/\/www.adavaveiro.org\/index.php?rest_route=\/wp\/v2\/pages\/1575\/revisions\/3432"}],"up":[{"embeddable":true,"href":"https:\/\/www.adavaveiro.org\/index.php?rest_route=\/wp\/v2\/pages\/1081"}],"wp:attachment":[{"href":"https:\/\/www.adavaveiro.org\/index.php?rest_route=%2Fwp%2Fv2%2Fmedia&parent=1575"}],"curies":[{"name":"wp","href":"https:\/\/api.w.org\/{rel}","templated":true}]}}