{"id":17,"date":"2010-03-03T14:50:16","date_gmt":"2010-03-03T14:50:16","guid":{"rendered":"http:\/\/www.adavaveiro.org\/?page_id=17"},"modified":"2017-11-12T10:35:11","modified_gmt":"2017-11-12T10:35:11","slug":"artigos","status":"publish","type":"page","link":"https:\/\/www.adavaveiro.org\/?page_id=17","title":{"rendered":"ARTIGOS"},"content":{"rendered":"<table border=\"0\" cellspacing=\"10\" cellpadding=\"5\" width=\"100%\">\n<tbody>\n<tr>\n<td width=\"86%\">\u00a0<\/td>\n<\/tr>\n<tr>\n<td width=\"86%\"><span style=\"color: #000080;\"><img loading=\"lazy\" decoding=\"async\" src=\"http:\/\/www.adavaveiro.org\/escrever_mao_small.jpg\" border=\"2\" alt=\"\" width=\"100\" height=\"100\" \/><\/span><\/td>\n<\/tr>\n<tr>\n<td width=\"86%\"><span style=\"font-family: Trebuchet MS; color: #000080;\"><strong><span>Tr\u00eas raz\u00f5es m\u00e9dicas para ser a favor da Vida e contra o aborto<\/span><\/strong><\/span><span style=\"font-family: Trebuchet MS; color: #000080;\"> <\/span><span style=\"font-family: Trebuchet MS; color: #ffffea;\"><a href=\"http:\/\/www.adavaveiro.org\/artigos_4.htm\">mais&#8230;<\/a><\/span><span style=\"font-family: Trebuchet MS; color: #000080;\"> (Daniel Serr\u00e3o)\u00a0<\/span><\/td>\n<\/tr>\n<tr>\n<td width=\"86%\"><span style=\"font-family: Trebuchet MS; color: #000080;\"><strong>O direito \u00e0 vida: circunst\u00e2ncias e decis\u00e3o do PR<\/strong> <\/span><span style=\"font-family: Trebuchet MS; color: #ffffea;\"><a href=\"http:\/\/www.adavaveiro.org\/artigos_1.htm\">mais&#8230;<\/a><\/span><span style=\"font-family: Trebuchet MS; color: #000080;\"> (Isilda Pegado)\u00a0<\/span><\/td>\n<\/tr>\n<tr>\n<td width=\"86%\"><span style=\"font-family: Trebuchet MS; color: #000080;\"><strong>Tr\u00eas Raz\u00f5es teol\u00f3gicas contra o aborto<\/strong> <\/span><span style=\"font-family: Trebuchet MS; color: #ffffea;\"><a href=\"http:\/\/www.adavaveiro.org\/artigos_2.htm\">mais&#8230;<\/a><\/span><span style=\"font-family: Trebuchet MS; color: #000080;\"> (Jo\u00e3o Duque)<\/span><\/td>\n<\/tr>\n<tr>\n<td width=\"86%\"><span style=\"font-family: Trebuchet MS; color: #000080;\"><strong>Haver\u00e1 raz\u00f5es econ\u00f3micas para ser contra a despenaliza\u00e7\u00e3o do aborto?<\/strong> <\/span><span style=\"font-family: Trebuchet MS; color: #ffffea;\"><a href=\"http:\/\/www.adavaveiro.org\/artigos_3.htm\">mais&#8230;<\/a><\/span><span style=\"font-family: Trebuchet MS; color: #000080;\"> (Jo\u00e3o Paulo Barbosa de Melo)<\/span><\/td>\n<\/tr>\n<\/tbody>\n<\/table>\n","protected":false},"excerpt":{"rendered":"<p>\u00a0 Tr\u00eas raz\u00f5es m\u00e9dicas para ser a favor da Vida e contra o aborto mais&#8230; (Daniel Serr\u00e3o)\u00a0 O direito \u00e0 vida: circunst\u00e2ncias e decis\u00e3o do PR mais&#8230; (Isilda Pegado)\u00a0 Tr\u00eas Raz\u00f5es teol\u00f3gicas contra o aborto mais&#8230; (Jo\u00e3o Duque) Haver\u00e1 raz\u00f5es &hellip; <a href=\"https:\/\/www.adavaveiro.org\/?page_id=17\">Continuar a ler <span class=\"meta-nav\">&rarr;<\/span><\/a><\/p>\n","protected":false},"author":1,"featured_media":0,"parent":0,"menu_order":0,"comment_status":"closed","ping_status":"closed","template":"","meta":{"footnotes":""},"class_list":["post-17","page","type-page","status-publish","hentry"],"_links":{"self":[{"href":"https:\/\/www.adavaveiro.org\/index.php?rest_route=\/wp\/v2\/pages\/17","targetHints":{"allow":["GET"]}}],"collection":[{"href":"https:\/\/www.adavaveiro.org\/index.php?rest_route=\/wp\/v2\/pages"}],"about":[{"href":"https:\/\/www.adavaveiro.org\/index.php?rest_route=\/wp\/v2\/types\/page"}],"author":[{"embeddable":true,"href":"https:\/\/www.adavaveiro.org\/index.php?rest_route=\/wp\/v2\/users\/1"}],"replies":[{"embeddable":true,"href":"https:\/\/www.adavaveiro.org\/index.php?rest_route=%2Fwp%2Fv2%2Fcomments&post=17"}],"version-history":[{"count":7,"href":"https:\/\/www.adavaveiro.org\/index.php?rest_route=\/wp\/v2\/pages\/17\/revisions"}],"predecessor-version":[{"id":3845,"href":"https:\/\/www.adavaveiro.org\/index.php?rest_route=\/wp\/v2\/pages\/17\/revisions\/3845"}],"wp:attachment":[{"href":"https:\/\/www.adavaveiro.org\/index.php?rest_route=%2Fwp%2Fv2%2Fmedia&parent=17"}],"curies":[{"name":"wp","href":"https:\/\/api.w.org\/{rel}","templated":true}]}}