{"id":2541,"date":"2012-06-14T16:55:17","date_gmt":"2012-06-14T16:55:17","guid":{"rendered":"http:\/\/www.adavaveiro.org\/?page_id=2541"},"modified":"2017-11-12T10:23:39","modified_gmt":"2017-11-12T10:23:39","slug":"aumentam-na-europa-os-bebes-abandonados-em-rodas-modernas","status":"publish","type":"page","link":"https:\/\/www.adavaveiro.org\/?page_id=2541","title":{"rendered":"Aumentam na Europa os beb\u00e9s abandonados em &#8220;rodas&#8221; modernas"},"content":{"rendered":"<div>\n<div>\n<p>Crian\u00e7as abandonadas<\/p>\n<h2>Aumentam na Europa os beb\u00e9s abandonados em &#8220;rodas&#8221; modernas<\/h2>\n<p>11.06.2012 &#8211; 15:17 Por Paula Torres de Carvalho<\/p>\n<\/div>\n<div>\n<div>\n<blockquote><p>Em v\u00e1rios pa\u00edses europeus, os beb\u00e9s indesejados s\u00e3o abandonados numa esp\u00e9cie de &#8220;caixas&#8221; semelhantes \u00e0 &#8220;roda&#8221;, na Idade M\u00e9dia. Em 12 anos, mais de 400 crian\u00e7as foram deixadas nesses dispositivos. As Na\u00e7\u00f5es Unidas consideram que \u00e9 uma viola\u00e7\u00e3o dos Direitos da Crian\u00e7a.<\/p><\/blockquote>\n<\/div>\n<\/div>\n<\/div>\n<p>Na Idade M\u00e9dia, em Portugal, os beb\u00e9s ileg\u00edtimos eram colocadas na chamada Roda dos Enjeitados que foi oficializada em 1783 por Pina Manique, Intendente Geral da Pol\u00edcia. Foi por sua iniciativa que foram criadas as Casas de Roda para receber essas crian\u00e7as indesejadas. Esses dep\u00f3sitos de rec\u00e9m-nascidos foram extintos por decreto em 1867. Hoje, os beb\u00e9s indesejados s\u00e3o entregues em institui\u00e7\u00f5es e muitos deles s\u00e3o depois candidatos \u00e0 adop\u00e7\u00e3o.<\/p>\n<p>O recurso a sistemas semelhantes ao da \u201croda\u201d para abandonar beb\u00e9s rec\u00e9m-nascidos est\u00e1 a aumentar na Europa. Na Rep\u00fablica Checa, na parede exterior do edif\u00edcio da cl\u00ednica GynCentrum, no leste de Praga, est\u00e1 colocada uma &#8220;caixa&#8221; que recolhe beb\u00e9s indesejados. \u00c9 um local isolado, onde as m\u00e3es podem evitar ser vistas.<\/p>\n<p>No interior desse dispositivo encontram-se folhetos em checo, russo e ingl\u00eas com n\u00fameros de telefone que oferecem ajuda \u00e0s m\u00e3es que mudem de ideias.<\/p>\n<p>Logo que a crian\u00e7a \u00e9 ali deixada, soa um alarme dentro da cl\u00ednica para alertar os enfermeiros que recolhem o rec\u00e9m-nascido do outro lado da parede.<\/p>\n<p>Dezassete beb\u00e9s foram deixados na &#8220;caixa&#8221; da cl\u00ednica checa desde que abriu em 2005, segundo Lenka Benediktova, uma das respons\u00e1veis, ouvidas pelo <em>The Guardian<\/em>.<\/p>\n<p>Esta \u00e9 um dos 50 dispositivos para o efeito colocados em todo o pa\u00eds pela Funda\u00e7\u00e3o para Crian\u00e7as Abandonadas (Statim), uma ONG privada dirigida por Ludvik Hess, um pai de 20 filhos, oito biol\u00f3gicos e os outros adoptados, que se diz poeta e empres\u00e1rio e afirma agir por motivos humanit\u00e1rios. Cada um custa 39 mil euros e os fundos s\u00e3o angariados junto de empresas, incluindo um dos maiores bancos da Rep\u00fablica Checa, o Komercni.<\/p>\n<p>Gra\u00e7as a estas \u201ccaixas\u201d 75 beb\u00e9s j\u00e1 foram salvos, segundo Ludvik Hess, O objectivo \u00e9 instalar 70 equipamentos destes para fazer a cobertura de todos os distritos do pa\u00eds, ajudando as m\u00e3es solteiras e acolhendo os beb\u00e9s indesejados para os dar para adop\u00e7\u00e3o.<\/p>\n<p>Zuzana Baudysova, directora da Funda\u00e7\u00e3o Crian\u00e7a, uma institui\u00e7\u00e3o checa de caridade para crian\u00e7as nota que esta iniciativa beneficia muitos beb\u00e9s indesejados, filhos de mulheres de outras nacionalidades. &#8220;Muitos delas n\u00e3o s\u00e3o checas, mas dos Balc\u00e3s, Alb\u00e2nia ou Rom\u00e9nia. Algumas s\u00e3o imigrantes africanas\u201d, diz, acrescentando n\u00e3o ter d\u00favidas de que, \u201cse as caixas n\u00e3o existissem alguns desses beb\u00e9s seriam deitados no lixo\u201d.<\/p>\n<p><strong>Na\u00e7\u00f5es Unidas preocupada<\/strong><\/p>\n<p>O aumento destas caixas que acolhem beb\u00e9s na Europa est\u00e1 a preocupar cada vez mais as Na\u00e7\u00f5es Unidas por considerar que esta pr\u00e1tica &#8220;contraria o direito da crian\u00e7a a ser conhecida e cuidada pelos seus pais\u201d.<\/p>\n<p>O comit\u00e9 da ONU que zela sobre o cumprimento dos Direitos da Crian\u00e7a mostra-se alarmado com o aumento destas &#8220;caixas&#8221; colocadas geralmente no exterior dos hospitais. Este comit\u00e9 lamenta que as &#8220;rodas&#8221;, que j\u00e1 tinham desaparecido da Europa no s\u00e9culo passado, reapareceram na \u00faltima d\u00e9cada e totalizam quase 200 em pa\u00edses t\u00e3o diversos como Alemanha, \u00c1ustria, Su\u00ed\u00e7a, Pol\u00f3nia, Rep\u00fablica Checa e Let\u00f3nia. Desde 2000, mais de 400 crian\u00e7as foram abandonadas nesses dispositivos.<\/p>\n<p>Em Fran\u00e7a e na Holanda as mulheres t\u00eam o direito ao anonimato ap\u00f3s o parto; no Reino Unido continua a ser um crime abandonar secretamente uma crian\u00e7a.<\/p>\n<p>Para os funcion\u00e1rios da ONU, a exist\u00eancia destas \u201ccaixas\u201d viola uma das ideias b\u00e1sicas da Conven\u00e7\u00e3o sobre os Direitos da Crian\u00e7a (CDC), que diz que estas t\u00eam direito a conhecer os seus pais e, mesmo em caso de separa\u00e7\u00e3o, o Estado tem o dever de &#8220;respeitar o direito da crian\u00e7a a manter rela\u00e7\u00f5es pessoais com seu pai ou m\u00e3e &#8220;.<\/p>\n<p>No ano passado, o comit\u00e9 das Na\u00e7\u00f5es Unidas recomendou ao Governo da Rep\u00fablica Checa que tomasse \u201ctodas as medidas necess\u00e1rias para acabar com a situa\u00e7\u00e3o o mais rapidamente poss\u00edvel&#8221;. Tal n\u00e3o est\u00e1 a acontecer.<br \/>\n<strong><\/strong><\/p>\n","protected":false},"excerpt":{"rendered":"<p>Crian\u00e7as abandonadas Aumentam na Europa os beb\u00e9s abandonados em &#8220;rodas&#8221; modernas 11.06.2012 &#8211; 15:17 Por Paula Torres de Carvalho Em v\u00e1rios pa\u00edses europeus, os beb\u00e9s indesejados s\u00e3o abandonados numa esp\u00e9cie de &#8220;caixas&#8221; semelhantes \u00e0 &#8220;roda&#8221;, na Idade M\u00e9dia. Em 12 &hellip; <a href=\"https:\/\/www.adavaveiro.org\/?page_id=2541\">Continuar a ler <span class=\"meta-nav\">&rarr;<\/span><\/a><\/p>\n","protected":false},"author":1,"featured_media":0,"parent":17,"menu_order":0,"comment_status":"closed","ping_status":"closed","template":"","meta":{"footnotes":""},"class_list":["post-2541","page","type-page","status-publish","hentry"],"_links":{"self":[{"href":"https:\/\/www.adavaveiro.org\/index.php?rest_route=\/wp\/v2\/pages\/2541","targetHints":{"allow":["GET"]}}],"collection":[{"href":"https:\/\/www.adavaveiro.org\/index.php?rest_route=\/wp\/v2\/pages"}],"about":[{"href":"https:\/\/www.adavaveiro.org\/index.php?rest_route=\/wp\/v2\/types\/page"}],"author":[{"embeddable":true,"href":"https:\/\/www.adavaveiro.org\/index.php?rest_route=\/wp\/v2\/users\/1"}],"replies":[{"embeddable":true,"href":"https:\/\/www.adavaveiro.org\/index.php?rest_route=%2Fwp%2Fv2%2Fcomments&post=2541"}],"version-history":[{"count":1,"href":"https:\/\/www.adavaveiro.org\/index.php?rest_route=\/wp\/v2\/pages\/2541\/revisions"}],"predecessor-version":[{"id":2542,"href":"https:\/\/www.adavaveiro.org\/index.php?rest_route=\/wp\/v2\/pages\/2541\/revisions\/2542"}],"up":[{"embeddable":true,"href":"https:\/\/www.adavaveiro.org\/index.php?rest_route=\/wp\/v2\/pages\/17"}],"wp:attachment":[{"href":"https:\/\/www.adavaveiro.org\/index.php?rest_route=%2Fwp%2Fv2%2Fmedia&parent=2541"}],"curies":[{"name":"wp","href":"https:\/\/api.w.org\/{rel}","templated":true}]}}