{"id":2959,"date":"2013-04-19T20:15:04","date_gmt":"2013-04-19T20:15:04","guid":{"rendered":"http:\/\/www.adavaveiro.org\/?page_id=2959"},"modified":"2017-11-12T10:38:59","modified_gmt":"2017-11-12T10:38:59","slug":"19-de-abril-de-2013-cientistas-detectaram-sinais-de-consciencia-em-bebes-de-cinco-meses","status":"publish","type":"page","link":"https:\/\/www.adavaveiro.org\/?page_id=2959","title":{"rendered":"19 de abril de 2013 &#8211; Cientistas detectaram sinais de consci\u00eancia em beb\u00e9s de cinco meses"},"content":{"rendered":"<p>Pela primeira vez, foi poss\u00edvel detectar, no c\u00e9rebro de beb\u00e9s com apenas cinco meses de vida, um tipo de actividade cerebral que assinala que a sua consci\u00eancia visual est\u00e1 a emergir. Os resultados s\u00e3o publicados esta sexta-feira na revista <i>Science<\/i>.<\/p>\n<p>Sabe-se que, nos adultos, a apresenta\u00e7\u00e3o de uma imagem, mesmo por brev\u00edssimos instantes, d\u00e1 origem a um padr\u00e3o de activa\u00e7\u00e3o neuronal caracter\u00edstico, explica a <em>Science <\/em>no seu <em>site<\/em>. A activa\u00e7\u00e3o come\u00e7a no c\u00f3rtex visual e, passados uns 300 milissegundos, a mensagem chega ao c\u00f3rtex pr\u00e9-frontal, a regi\u00e3o do c\u00e9rebro onde residem as nossas mais sofisticadas fun\u00e7\u00f5es cognitivas \u2013 e em particular o pensamento.<\/p>\n<p>Sid Kouider e colegas da Ecole Normale Sup\u00e9rieure, em Paris, decidiram testar, atrav\u00e9s da t\u00e9cnica de electroencefalografia, se a segunda fase deste padr\u00e3o de ondas cerebrais se verificava tamb\u00e9m nos beb\u00e9s muito novos. O estudo envolveu 80 crian\u00e7as de cinco, 12 e 15 meses de idade, cuja actividade cerebral foi medida gra\u00e7as a um \u201cgorro\u201d de electrodos, enquanto visionavam s\u00e9ries de imagens dentro das quais estava \u201cescondida\u201d a de uma face humana.<\/p>\n<p>Confirmaram assim que os beb\u00e9s com mais de um ano respondiam \u00e0quela imagem desenvolvendo o mesmo tipo de resposta neuronal semelhante \u00e0 dos adultos \u2013 o que n\u00e3o admira, visto que, nesta idade, a interac\u00e7\u00e3o visual e social do beb\u00e9 com o mundo j\u00e1 \u00e9 muito rica. Mas ficaram surpreendidos ao descobrirem que, embora de forma incipiente e muito mais lenta, essa segunda fase da resposta cerebral j\u00e1 estava presente nos beb\u00e9s de cinco meses.<\/p>\n<p>Quer isto dizer que desde t\u00e3o cedo, os beb\u00e9s t\u00eam consci\u00eancia do que viram, que sabem que viram uma face? Nem por isso: Kouider, citado pela revista <em>New Scientist<\/em>, diz que o trabalho n\u00e3o constitui uma prova directa de que os beb\u00e9s est\u00e3o a ter uma experi\u00eancia subjectiva. Segundo ele, n\u00e3o \u00e9 claro que os <em>timings<\/em> da segunda fase da resposta cerebral, que s\u00e3o ainda muito lentos, permitam uma aut\u00eantica experi\u00eancia consciente.<\/p>\n<p>Mas os rudimentos j\u00e1 l\u00e1 est\u00e3o, concluem os cientistas<em>. <\/em>\u201cEstes resultados mostram que os mecanismos cerebrais subjacentes \u00e0 percep\u00e7\u00e3o consciente j\u00e1 est\u00e3o presentes na primeira inf\u00e2ncia\u201d, escrevem no seu <a href=\"http:\/\/www.sciencemag.org\/content\/340\/6130\/376.abstract?sid=37578d79-3666-42c9-ba55-ff60142cc300\" target=\"_blank\">artigo <\/a>na <em>Science<\/em>.<\/p>\n<p>A abordagem utilizada neste trabalho tamb\u00e9m poder\u00e1 servir, salientam, para perceber melhor os estados de consci\u00eancia m\u00ednima nos adultos \u2013 seja na sequencia de les\u00f5es cerebrais, seja durante uma anestesia \u2013 para determinar at\u00e9 que ponto essas pessoas t\u00eam consci\u00eancia do mundo exterior.<\/p>\n<p>in http:\/\/www.publico.pt\/ciencia\/noticia\/cientistas-detectaram-sinais-de-consciencia-em-bebes-de-cinco-meses-1591913<\/p>\n","protected":false},"excerpt":{"rendered":"<p>Pela primeira vez, foi poss\u00edvel detectar, no c\u00e9rebro de beb\u00e9s com apenas cinco meses de vida, um tipo de actividade cerebral que assinala que a sua consci\u00eancia visual est\u00e1 a emergir. Os resultados s\u00e3o publicados esta sexta-feira na revista Science. &hellip; <a href=\"https:\/\/www.adavaveiro.org\/?page_id=2959\">Continuar a ler <span class=\"meta-nav\">&rarr;<\/span><\/a><\/p>\n","protected":false},"author":1,"featured_media":0,"parent":1081,"menu_order":0,"comment_status":"closed","ping_status":"closed","template":"","meta":{"footnotes":""},"class_list":["post-2959","page","type-page","status-publish","hentry"],"_links":{"self":[{"href":"https:\/\/www.adavaveiro.org\/index.php?rest_route=\/wp\/v2\/pages\/2959","targetHints":{"allow":["GET"]}}],"collection":[{"href":"https:\/\/www.adavaveiro.org\/index.php?rest_route=\/wp\/v2\/pages"}],"about":[{"href":"https:\/\/www.adavaveiro.org\/index.php?rest_route=\/wp\/v2\/types\/page"}],"author":[{"embeddable":true,"href":"https:\/\/www.adavaveiro.org\/index.php?rest_route=\/wp\/v2\/users\/1"}],"replies":[{"embeddable":true,"href":"https:\/\/www.adavaveiro.org\/index.php?rest_route=%2Fwp%2Fv2%2Fcomments&post=2959"}],"version-history":[{"count":2,"href":"https:\/\/www.adavaveiro.org\/index.php?rest_route=\/wp\/v2\/pages\/2959\/revisions"}],"predecessor-version":[{"id":3125,"href":"https:\/\/www.adavaveiro.org\/index.php?rest_route=\/wp\/v2\/pages\/2959\/revisions\/3125"}],"up":[{"embeddable":true,"href":"https:\/\/www.adavaveiro.org\/index.php?rest_route=\/wp\/v2\/pages\/1081"}],"wp:attachment":[{"href":"https:\/\/www.adavaveiro.org\/index.php?rest_route=%2Fwp%2Fv2%2Fmedia&parent=2959"}],"curies":[{"name":"wp","href":"https:\/\/api.w.org\/{rel}","templated":true}]}}