{"id":5,"date":"2010-03-02T19:16:21","date_gmt":"2010-03-02T19:16:21","guid":{"rendered":"http:\/\/www.adavaveiro.org\/?page_id=5"},"modified":"2021-11-01T12:22:28","modified_gmt":"2021-11-01T12:22:28","slug":"projetos","status":"publish","type":"page","link":"https:\/\/www.adavaveiro.org\/?page_id=5","title":{"rendered":"PROJETOS"},"content":{"rendered":"\n<p><strong>Caminhadas Solid\u00e1rias pela Vida<\/strong><\/p>\n\n\n\n<div class=\"wp-block-columns is-layout-flex wp-container-core-columns-is-layout-9d6595d7 wp-block-columns-is-layout-flex\">\n<div class=\"wp-block-column is-layout-flow wp-block-column-is-layout-flow\" style=\"flex-basis:100%\">\n<div class=\"wp-block-columns is-layout-flex wp-container-core-columns-is-layout-9d6595d7 wp-block-columns-is-layout-flex\">\n<div class=\"wp-block-column is-layout-flow wp-block-column-is-layout-flow\" style=\"flex-basis:100%\">\n<p><\/p>\n\n\n\n<div class=\"wp-block-columns is-layout-flex wp-container-core-columns-is-layout-9d6595d7 wp-block-columns-is-layout-flex\">\n<div class=\"wp-block-column is-layout-flow wp-block-column-is-layout-flow\" style=\"flex-basis:100%\">\n<p class=\"has-text-align-center\"><img loading=\"lazy\" decoding=\"async\" width=\"300\" height=\"225\" class=\"wp-image-3390\" style=\"width: 300px;\" src=\"http:\/\/www.adavaveiro.org\/wp-content\/uploads\/2017\/10\/cartaz_v05.jpg\" alt=\"\" srcset=\"https:\/\/www.adavaveiro.org\/wp-content\/uploads\/2017\/10\/cartaz_v05.jpg 2465w, https:\/\/www.adavaveiro.org\/wp-content\/uploads\/2017\/10\/cartaz_v05-260x195.jpg 260w, https:\/\/www.adavaveiro.org\/wp-content\/uploads\/2017\/10\/cartaz_v05-300x225.jpg 300w, https:\/\/www.adavaveiro.org\/wp-content\/uploads\/2017\/10\/cartaz_v05-768x576.jpg 768w, https:\/\/www.adavaveiro.org\/wp-content\/uploads\/2017\/10\/cartaz_v05-1024x768.jpg 1024w, https:\/\/www.adavaveiro.org\/wp-content\/uploads\/2017\/10\/cartaz_v05-1200x900.jpg 1200w\" sizes=\"auto, (max-width: 300px) 100vw, 300px\" \/> <br><\/p>\n\n\n\n<p class=\"has-text-align-center\">Desde 2011, em Portugal fazem-se Caminhadas pela VIDA. <br>Em Aveiro, come\u00e7\u00e1mos em 2017.<\/p>\n<\/div>\n<\/div>\n\n\n\n<p class=\"has-text-align-center\"><a rel=\"noreferrer noopener\" href=\"http:\/\/www.adavaveiro.org\/?page_id=3477\" data-type=\"URL\" data-id=\"http:\/\/www.adavaveiro.org\/?page_id=3477\" target=\"_blank\">1.\u00aa Caminhada<\/a> | <a rel=\"noreferrer noopener\" href=\"http:\/\/www.adavaveiro.org\/?page_id=3715\" data-type=\"URL\" data-id=\"http:\/\/www.adavaveiro.org\/?page_id=3715\" target=\"_blank\">2.\u00aa Caminhada<\/a> |  <a rel=\"noreferrer noopener\" href=\"http:\/\/www.adavaveiro.org\/?page_id=3714\" data-type=\"URL\" data-id=\"http:\/\/www.adavaveiro.org\/?page_id=3714\" target=\"_blank\">3.\u00aa Caminhada<\/a> |  <a href=\"http:\/\/www.adavaveiro.org\/?page_id=3758\" data-type=\"URL\" data-id=\"http:\/\/www.adavaveiro.org\/?page_id=3758\" target=\"_blank\" rel=\"noreferrer noopener\">4.\u00aa Caminhada<\/a> <\/p>\n<\/div>\n<\/div>\n<\/div>\n<\/div>\n\n\n<table border=\"0\" width=\"100%\" cellspacing=\"10\" cellpadding=\"0\">\n<tbody>\n<tr>\n<td width=\"86%\"><strong>Projeto Nascer<\/strong><\/td>\n<\/tr>\n<tr>\n<td width=\"86%\"><img loading=\"lazy\" decoding=\"async\" class=\"alignleft size-full wp-image-115\" title=\"bebe_no ventre\" src=\"http:\/\/www.adavaveiro.org\/wp-content\/uploads\/bebe_no-ventre.bmp\" alt=\"\" width=\"210\" height=\"137\">Com a colabora\u00e7\u00e3o de pessoas e institui\u00e7\u00f5es ligadas \u00e0 Medicina, Psicologia, Direito, Emprego e Seguran\u00e7a Social, a associa\u00e7\u00e3o tem a funcionar, desde 2001, um gabinete de apoio \u00e0 gr\u00e1vida em risco, com uma linha telef\u00f3nica de atendimento (234 42 40 40) e presta\u00e7\u00e3o de servi\u00e7os gratuitos a n\u00edvel cl\u00ednico, jur\u00eddico e social.<\/td>\n<\/tr>\n<tr>\n<td width=\"86%\"><strong>Projeto Crescer <\/strong><\/td>\n<\/tr>\n<tr>\n<td width=\"86%\"><a href=\"http:\/\/www.adavaveiro.org\/wp-content\/uploads\/crescer.jpg\"><img loading=\"lazy\" decoding=\"async\" class=\"alignleft size-thumbnail wp-image-117\" title=\"crescer\" src=\"http:\/\/www.adavaveiro.org\/wp-content\/uploads\/crescer-150x150.jpg\" alt=\"\" width=\"150\" height=\"150\"><\/a>Na \u00e1rea da <strong>forma\u00e7\u00e3o<\/strong>, o Projeto Crescer dirige-se a alunos, pais e professores.<br>Realiza\u00e7\u00e3o e colabora\u00e7\u00e3o em col\u00f3quios, debates e cursos breves.<br>No <strong>apoio social<\/strong>, em regime de voluntariado, a ADAV Aveiro presta apoio a fam\u00edlias e m\u00e3es em dificuldade, contando com a colabora\u00e7\u00e3o do Banco Alimentar contra a Fome, com a Seguran\u00e7a Social e com a ajuda de associados e benfeitores.<\/td>\n<\/tr>\n<tr>\n<td width=\"86%\">\n<\/td>\n<\/tr>\n<\/tbody>\n<\/table>","protected":false},"excerpt":{"rendered":"<p>Caminhadas Solid\u00e1rias pela Vida Desde 2011, em Portugal fazem-se Caminhadas pela VIDA. Em Aveiro, come\u00e7\u00e1mos em 2017. 1.\u00aa Caminhada | 2.\u00aa Caminhada | 3.\u00aa Caminhada | 4.\u00aa Caminhada Projeto Nascer Com a colabora\u00e7\u00e3o de pessoas e institui\u00e7\u00f5es ligadas \u00e0 Medicina, &hellip; <a href=\"https:\/\/www.adavaveiro.org\/?page_id=5\">Continuar a ler <span class=\"meta-nav\">&rarr;<\/span><\/a><\/p>\n","protected":false},"author":1,"featured_media":0,"parent":0,"menu_order":0,"comment_status":"closed","ping_status":"closed","template":"","meta":{"footnotes":""},"class_list":["post-5","page","type-page","status-publish","hentry"],"_links":{"self":[{"href":"https:\/\/www.adavaveiro.org\/index.php?rest_route=\/wp\/v2\/pages\/5","targetHints":{"allow":["GET"]}}],"collection":[{"href":"https:\/\/www.adavaveiro.org\/index.php?rest_route=\/wp\/v2\/pages"}],"about":[{"href":"https:\/\/www.adavaveiro.org\/index.php?rest_route=\/wp\/v2\/types\/page"}],"author":[{"embeddable":true,"href":"https:\/\/www.adavaveiro.org\/index.php?rest_route=\/wp\/v2\/users\/1"}],"replies":[{"embeddable":true,"href":"https:\/\/www.adavaveiro.org\/index.php?rest_route=%2Fwp%2Fv2%2Fcomments&post=5"}],"version-history":[{"count":22,"href":"https:\/\/www.adavaveiro.org\/index.php?rest_route=\/wp\/v2\/pages\/5\/revisions"}],"predecessor-version":[{"id":3770,"href":"https:\/\/www.adavaveiro.org\/index.php?rest_route=\/wp\/v2\/pages\/5\/revisions\/3770"}],"wp:attachment":[{"href":"https:\/\/www.adavaveiro.org\/index.php?rest_route=%2Fwp%2Fv2%2Fmedia&parent=5"}],"curies":[{"name":"wp","href":"https:\/\/api.w.org\/{rel}","templated":true}]}}